{"id":4465,"date":"2022-02-03T12:40:54","date_gmt":"2022-02-03T09:40:54","guid":{"rendered":"https:\/\/www.canaydin.av.tr\/?page_id=4465"},"modified":"2023-06-15T10:24:24","modified_gmt":"2023-06-15T07:24:24","slug":"global-citizenship","status":"publish","type":"page","link":"https:\/\/www.canaydin.av.tr\/tr\/global-citizenship\/","title":{"rendered":"D\u00dcNYA VATANDA\u015eLI\u011eI"},"content":{"rendered":"<div class=\"bt_bb_wrapper\"><section id=\"bt_bb_section69eee506001c1\"  class=\"bt_bb_section bt_bb_layout_boxed_1200\" ><div class=\"bt_bb_port\"><div class=\"bt_bb_cell\"><div class=\"bt_bb_cell_inner\"><div class=\"bt_bb_row_wrapper\"><div  class=\"bt_bb_row\" ><div  class=\"bt_bb_column col-xl-12 col-xs-12 col-sm-12 col-md-12 col-lg-12 bt_bb_align_left bt_bb_padding_normal\"  data-width=\"12\" data-bt-override-class=\"{}\"><div class=\"bt_bb_column_content bt_bb_vertical_align_top bt_bb_color_scheme_\"><div class=\"bt_bb_column_content_inner\"><div class=\"bt_bb_separator bt_bb_top_spacing_large bt_bb_bottom_spacing_medium bt_bb_border_style_none\"><\/div><\/div><\/div><\/div><\/div><\/div><\/div><\/div><\/div><\/section><section id=\"bt_bb_section69eee50600360\"  class=\"bt_bb_section bt_bb_layout_boxed_1500 bt_bb_vertical_align_bottom\" ><div class=\"bt_bb_port\"><div class=\"bt_bb_cell\"><div class=\"bt_bb_cell_inner\"><div class=\"bt_bb_row_wrapper\"><div  class=\"bt_bb_row\" ><div  class=\"bt_bb_column col-xl-6 col-xs-12 col-sm-6 col-md-6 col-lg-6 bt_bb_align_left bt_bb_color_scheme_2 bt_bb_padding_normal\" style=\"; --column-primary-color:#191919; --column-secondary-color:#ffffff;\" data-width=\"6\" data-bt-override-class=\"{&quot;bt_bb_align_&quot;:{&quot;current_class&quot;:&quot;bt_bb_align_left&quot;,&quot;xl&quot;:&quot;left&quot;}}\"><div class=\"bt_bb_column_content bt_bb_vertical_align_middle bt_bb_color_scheme_2 btLazyLoadBackground bt_bb_column_background_image\" style=\"background-image:url(&#039;https:\/\/www.canaydin.av.tr\/wp-content\/plugins\/bold-page-builder\/img\/blank.gif&#039;);\" data-background_image_src='https:\/\/www.canaydin.av.tr\/wp-content\/uploads\/2022\/02\/11006-scaled.jpg'><div class=\"bt_bb_column_content_inner\"><div class=\"bt_bb_separator bt_bb_top_spacing_normal bt_bb_bottom_spacing_normal bt_bb_border_style_none\"><\/div><\/div><\/div><\/div><div  class=\"bt_bb_column col-xl-6 col-xs-12 col-sm-6 col-md-6 col-lg-6 bt_bb_align_left bt_bb_padding_normal\"  data-width=\"6\" data-bt-override-class=\"{}\"><div class=\"bt_bb_column_content bt_bb_vertical_align_top bt_bb_color_scheme_\"><div class=\"bt_bb_column_content_inner\"><div class=\"bt_bb_separator bt_bb_top_spacing_normal bt_bb_bottom_spacing_medium bt_bb_border_style_none\"><\/div><header class=\"bt_bb_headline bt_bb_dash_none bt_bb_size_inherit bt_bb_align_inherit\" data-bt-override-class=\"{&quot;bt_bb_align_&quot;:{&quot;current_class&quot;:&quot;bt_bb_align_inherit&quot;,&quot;xl&quot;:&quot;inherit&quot;}}\"><h3 class=\"bt_bb_headline_tag\"><span class=\"bt_bb_headline_content\"><span>D\u00fcnya Vatanda\u015fl\u0131\u011f\u0131<\/span><\/span><\/h3><\/header><div class=\"bt_bb_separator bt_bb_top_spacing_normal bt_bb_border_style_none\"><\/div><div  class=\"bt_bb_text\" ><p>G\u00fcn\u00fcm\u00fcz d\u00fcnyas\u0131nda her insan bir d\u00fcnya vatanda\u015f\u0131 olarak kabul edilebilir. Bu nedenle k\u00fcreselle\u015fen d\u00fcnyada \u201cd\u00fcnya vatanda\u015fl\u0131\u011f\u0131\u201d kavram\u0131 giderek daha \u00f6nemli hale gelmi\u015ftir. Geli\u015fen bilim teknolojileri, bilgiye eri\u015fim kolayl\u0131\u011f\u0131 ve ekonomik ba\u011f\u0131ml\u0131l\u0131k ile uluslararas\u0131 insan hareketlili\u011fi artm\u0131\u015ft\u0131r. Bu hareketlilik, insanlar\u0131n uyum i\u00e7inde ya\u015fayarak, birbirine duyarl\u0131 ve duyarl\u0131 davranmas\u0131 gerekti\u011finden \u00fclkelerin sosyal politikalar\u0131na da yans\u0131maktad\u0131r.<\/p>\n<p>\u0130nsan haklar\u0131, g\u00f6\u00e7, s\u0131\u011f\u0131nma gibi k\u00fcresel sorunlar\u0131n artmaya devam etti\u011fi g\u00fcn\u00fcm\u00fczde, bu sorunlar\u0131n klasik vatanda\u015fl\u0131k kavram\u0131yla \u00e7\u00f6z\u00fclemeyece\u011fi d\u00fc\u015f\u00fcncesi yayg\u0131n olarak kabul g\u00f6rmektedir.<\/p>\n<p>Hal b\u00f6yle olunca, k\u00fcreselle\u015fmeyle birlikte farkl\u0131la\u015fmaya ba\u015flayan vatanda\u015fl\u0131k anlay\u0131\u015f\u0131nda \u201ck\u00fcresel vatanda\u015f\u201d ya da \u201cd\u00fcnya vatanda\u015f\u0131\u201d tan\u0131m\u0131, sadece kendi \u00fclkesine de\u011fil, t\u00fcm topluma kar\u015f\u0131 sorumluluklar\u0131n\u0131n bilincinde olan ki\u015fileri tan\u0131mlamaktad\u0131r. Bu ki\u015filer evrensel bir bilince sahiptir ve t\u00fcm insanl\u0131\u011f\u0131n sorunlar\u0131na duyarl\u0131d\u0131r. De\u011fi\u015fen d\u00fcnya ile birlikte insanlar art\u0131k farkl\u0131 \u00fclkelerde vatanda\u015fl\u0131k ve\/veya ikamet olanaklar\u0131n\u0131 de\u011ferlendirmek, ikamet ve do\u011frudan vatanda\u015fl\u0131k ko\u015fullar\u0131yla d\u00fcnya vatanda\u015fl\u0131\u011f\u0131na bir ad\u0131m daha yakla\u015fmak istemektedirler.<\/p>\n<p>T\u00fcm bu taleplerin ard\u0131ndan hukuk d\u00fcnyas\u0131 ile b\u00fct\u00fcnle\u015fen bir\u00e7ok \u00fclke ile birlikte \u201ck\u00fcresel vatanda\u015fl\u0131k\u201d konusunu \u00e7er\u00e7evelendirdik ve bu \u00fclkelerin ikamet ve vatanda\u015fl\u0131k a\u00e7\u0131s\u0131ndan arad\u0131\u011f\u0131 \u015fartlar\u0131 ve vatanda\u015fl\u0131k s\u00fcre\u00e7lerini Canayd\u0131n Hukuk B\u00fcrosu olarak inceledik.<\/p>\n<\/div><div class=\"bt_bb_separator bt_bb_top_spacing_small bt_bb_bottom_spacing_normal bt_bb_border_style_none\"><\/div><div class=\"bt_bb_button bt_bb_color_scheme_3 bt_bb_style_clean bt_bb_size_large bt_bb_width_inline bt_bb_shape_inherit bt_bb_align_inherit\" style=\"; --button-primary-color:#b07c4b; --button-secondary-color:#191919;\" data-bt-override-class=\"{&quot;bt_bb_size_&quot;:{&quot;current_class&quot;:&quot;bt_bb_size_large&quot;,&quot;xl&quot;:&quot;large&quot;},&quot;bt_bb_align_&quot;:{&quot;current_class&quot;:&quot;bt_bb_align_inherit&quot;,&quot;xl&quot;:&quot;inherit&quot;}}\"><a href=\"https:\/\/www.canaydin.av.tr\/tr\/contact\/\" target=\"_self\" class=\"bt_bb_link\" title=\"B\u0130Z\u0130MLE \u0130LET\u0130\u015e\u0130ME GE\u00c7\u0130N\"><span class=\"bt_bb_button_text\">B\u0130Z\u0130MLE \u0130LET\u0130\u015e\u0130ME GE\u00c7\u0130N<\/span><\/a><\/div><div class=\"bt_bb_separator bt_bb_top_spacing_medium bt_bb_bottom_spacing_large bt_bb_border_style_none\"><\/div><\/div><\/div><\/div><\/div><\/div><\/div><\/div><\/div><\/section><section id=\"bt_bb_section69eee50600ce2\"  class=\"bt_bb_section bt_bb_layout_boxed_800 bt_bb_vertical_align_bottom bt_bb_negative_margin_small\" ><div class=\"bt_bb_port\"><div class=\"bt_bb_cell\"><div class=\"bt_bb_cell_inner\"><div class=\"bt_bb_row_wrapper\"><div  class=\"bt_bb_row\" ><div  class=\"bt_bb_column col-xl-6 col-xs-12 col-sm-6 col-md-6 col-lg-6 bt_bb_align_left bt_bb_padding_normal\"  data-width=\"6\" data-bt-override-class=\"{&quot;bt_bb_align_&quot;:{&quot;current_class&quot;:&quot;bt_bb_align_left&quot;,&quot;xl&quot;:&quot;left&quot;}}\"><div class=\"bt_bb_column_content bt_bb_vertical_align_top bt_bb_color_scheme_\"><div class=\"bt_bb_column_content_inner\"><div class=\"bt_bb_separator bt_bb_top_spacing_medium bt_bb_bottom_spacing_small bt_bb_border_style_none\"><\/div><div class=\"bt_bb_card bt_bb_title_position_top bt_bb_title_color_scheme_7\" style=\"; --card-title-primary-color:#1a243f; --card-title-secondary-color:#191919;\"><div class=\"bt_bb_card_image\"><a href=\"https:\/\/www.canaydin.av.tr\/tr\/portuguese-golden-visa\/\"  target=\"_self\"><div class=\"bt_bb_image\" data-bt-override-class=\"{}\"><span><img width=\"700\" height=\"700\" src=\"https:\/\/www.canaydin.av.tr\/wp-content\/uploads\/2022\/02\/portugal-flag-std.jpg\" class=\"attachment- size-\" alt=\"PORTUGUESE GOLDEN VISA\" decoding=\"async\" loading=\"lazy\" data-full_image_src=\"https:\/\/www.canaydin.av.tr\/wp-content\/uploads\/2022\/02\/portugal-flag-std.jpg\" title=\"PORTEK\u0130Z GOLDEN VISA PROGRAMI\" srcset=\"https:\/\/www.canaydin.av.tr\/wp-content\/uploads\/2022\/02\/portugal-flag-std.jpg 700w, https:\/\/www.canaydin.av.tr\/wp-content\/uploads\/2022\/02\/portugal-flag-std-640x640.jpg 640w, https:\/\/www.canaydin.av.tr\/wp-content\/uploads\/2022\/02\/portugal-flag-std-160x160.jpg 160w, https:\/\/www.canaydin.av.tr\/wp-content\/uploads\/2022\/02\/portugal-flag-std-12x12.jpg 12w, https:\/\/www.canaydin.av.tr\/wp-content\/uploads\/2022\/02\/portugal-flag-std-320x320.jpg 320w\" sizes=\"(max-width: 700px) 100vw, 700px\" \/><\/span><\/div><\/a><\/div><div class=\"bt_bb_card_content\"><div class=\"bt_bb_card_icon_box\"><div class=\"bt_bb_card_icon\"><span  data-ico-essential=\"&#xe999;\" class=\"bt_bb_icon_holder\"><\/span><\/div><h3 class=\"bt_bb_card_title\"><a href=\"https:\/\/www.canaydin.av.tr\/tr\/portuguese-golden-visa\/\"  target=\"_self\">PORTEK\u0130Z GOLDEN VISA PROGRAMI<\/a><\/h3><\/div><\/div><\/div><div class=\"bt_bb_separator bt_bb_top_spacing_medium bt_bb_border_style_none\"><\/div><\/div><\/div><\/div><div  class=\"bt_bb_column col-xl-6 col-xs-12 col-sm-6 col-md-6 col-lg-6 bt_bb_align_left bt_bb_padding_normal\"  data-width=\"6\" data-bt-override-class=\"{}\"><div class=\"bt_bb_column_content bt_bb_vertical_align_top bt_bb_color_scheme_\"><div class=\"bt_bb_column_content_inner\"><div class=\"bt_bb_separator bt_bb_top_spacing_medium bt_bb_bottom_spacing_small bt_bb_border_style_none\"><\/div><div class=\"bt_bb_card bt_bb_title_position_top bt_bb_title_color_scheme_7\" style=\"; --card-title-primary-color:#1a243f; --card-title-secondary-color:#191919;\"><div class=\"bt_bb_card_image\"><a href=\"https:\/\/www.canaydin.av.tr\/tr\/portuguese-d7-visa\/\"  target=\"_self\"><div class=\"bt_bb_image\" data-bt-override-class=\"{}\"><span><img width=\"700\" height=\"700\" src=\"https:\/\/www.canaydin.av.tr\/wp-content\/uploads\/2022\/02\/portugal-flag-std.jpg\" class=\"attachment- size-\" alt=\"RESIDENCY IN PORTUGAL (D7 VISA)\" decoding=\"async\" loading=\"lazy\" data-full_image_src=\"https:\/\/www.canaydin.av.tr\/wp-content\/uploads\/2022\/02\/portugal-flag-std.jpg\" title=\"PORTEK\u0130Z D7 V\u0130ZES\u0130 \u0130LE \u0130KAMET\" srcset=\"https:\/\/www.canaydin.av.tr\/wp-content\/uploads\/2022\/02\/portugal-flag-std.jpg 700w, https:\/\/www.canaydin.av.tr\/wp-content\/uploads\/2022\/02\/portugal-flag-std-640x640.jpg 640w, https:\/\/www.canaydin.av.tr\/wp-content\/uploads\/2022\/02\/portugal-flag-std-160x160.jpg 160w, https:\/\/www.canaydin.av.tr\/wp-content\/uploads\/2022\/02\/portugal-flag-std-12x12.jpg 12w, https:\/\/www.canaydin.av.tr\/wp-content\/uploads\/2022\/02\/portugal-flag-std-320x320.jpg 320w\" sizes=\"(max-width: 700px) 100vw, 700px\" \/><\/span><\/div><\/a><\/div><div class=\"bt_bb_card_content\"><div class=\"bt_bb_card_icon_box\"><div class=\"bt_bb_card_icon\"><span  data-ico-essential=\"&#xe98d;\" class=\"bt_bb_icon_holder\"><\/span><\/div><h3 class=\"bt_bb_card_title\"><a href=\"https:\/\/www.canaydin.av.tr\/tr\/portuguese-d7-visa\/\"  target=\"_self\">PORTEK\u0130Z D7 V\u0130ZES\u0130 \u0130LE \u0130KAMET<\/a><\/h3><\/div><\/div><\/div><div class=\"bt_bb_separator bt_bb_top_spacing_medium bt_bb_bottom_spacing_small bt_bb_border_style_none\"><\/div><\/div><\/div><\/div><\/div><\/div><\/div><\/div><\/div><\/section><section id=\"bt_bb_section69eee50601604\"  class=\"bt_bb_section bt_bb_layout_boxed_800 bt_bb_vertical_align_top\" ><div class=\"bt_bb_port\"><div class=\"bt_bb_cell\"><div class=\"bt_bb_cell_inner\"><div class=\"bt_bb_row_wrapper\"><div  class=\"bt_bb_row\" ><div  class=\"bt_bb_column col-xl-6 col-xs-12 col-sm-6 col-md-6 col-lg-6 bt_bb_align_left bt_bb_padding_normal\"  data-width=\"6\" data-bt-override-class=\"{}\"><div class=\"bt_bb_column_content bt_bb_vertical_align_top bt_bb_color_scheme_\"><div class=\"bt_bb_column_content_inner\"><div class=\"bt_bb_card bt_bb_title_position_top bt_bb_title_color_scheme_7\" style=\"; --card-title-primary-color:#1a243f; --card-title-secondary-color:#191919;\"><div class=\"bt_bb_card_image\"><a href=\"https:\/\/www.canaydin.av.tr\/tr\/st-kitts-and-nevis-citizenship-by-investment\/\"  target=\"_self\"><div class=\"bt_bb_image\" data-bt-override-class=\"{}\"><span><img width=\"700\" height=\"700\" src=\"https:\/\/www.canaydin.av.tr\/wp-content\/uploads\/2022\/01\/st-kitts-_-nevis-flag-std_1.jpg\" class=\"attachment- size-\" alt=\"ST. KITTS AND NEVIS CITIZENSHIP\" decoding=\"async\" loading=\"lazy\" data-full_image_src=\"https:\/\/www.canaydin.av.tr\/wp-content\/uploads\/2022\/01\/st-kitts-_-nevis-flag-std_1.jpg\" title=\"ST. KITTS VE NEVIS VATANDA\u015eLI\u011eI\" srcset=\"https:\/\/www.canaydin.av.tr\/wp-content\/uploads\/2022\/01\/st-kitts-_-nevis-flag-std_1.jpg 700w, https:\/\/www.canaydin.av.tr\/wp-content\/uploads\/2022\/01\/st-kitts-_-nevis-flag-std_1-640x640.jpg 640w, https:\/\/www.canaydin.av.tr\/wp-content\/uploads\/2022\/01\/st-kitts-_-nevis-flag-std_1-160x160.jpg 160w, https:\/\/www.canaydin.av.tr\/wp-content\/uploads\/2022\/01\/st-kitts-_-nevis-flag-std_1-12x12.jpg 12w, https:\/\/www.canaydin.av.tr\/wp-content\/uploads\/2022\/01\/st-kitts-_-nevis-flag-std_1-320x320.jpg 320w\" sizes=\"(max-width: 700px) 100vw, 700px\" \/><\/span><\/div><\/a><\/div><div class=\"bt_bb_card_content\"><div class=\"bt_bb_card_icon_box\"><div class=\"bt_bb_card_icon\"><span  data-ico-essential=\"&#xe999;\" class=\"bt_bb_icon_holder\"><\/span><\/div><h3 class=\"bt_bb_card_title\"><a href=\"https:\/\/www.canaydin.av.tr\/tr\/st-kitts-and-nevis-citizenship-by-investment\/\"  target=\"_self\">ST. KITTS VE NEVIS VATANDA\u015eLI\u011eI<\/a><\/h3><\/div><\/div><\/div><div class=\"bt_bb_separator bt_bb_top_spacing_medium bt_bb_bottom_spacing_small bt_bb_border_style_none\"><\/div><\/div><\/div><\/div><div  class=\"bt_bb_column col-xl-6 col-xs-12 col-sm-6 col-md-6 col-lg-6 bt_bb_align_left bt_bb_padding_normal\"  data-width=\"6\" data-bt-override-class=\"{}\"><div class=\"bt_bb_column_content bt_bb_vertical_align_top bt_bb_color_scheme_\"><div class=\"bt_bb_column_content_inner\"><div class=\"bt_bb_card bt_bb_title_position_top\"><div class=\"bt_bb_card_image\"><a href=\"https:\/\/www.canaydin.av.tr\/tr\/st-lucia-citizenship-by-investment\/\"  target=\"_self\"><div class=\"bt_bb_image\" data-bt-override-class=\"{}\"><span><img width=\"700\" height=\"700\" src=\"https:\/\/www.canaydin.av.tr\/wp-content\/uploads\/2022\/01\/A24BYqB9PZ-1.jpg\" class=\"attachment- size-\" alt=\"ST. LUCIA CITIZENSHIP\" decoding=\"async\" loading=\"lazy\" data-full_image_src=\"https:\/\/www.canaydin.av.tr\/wp-content\/uploads\/2022\/01\/A24BYqB9PZ-1.jpg\" title=\"ST. LUCIA VATANDA\u015eLI\u011eI\" srcset=\"https:\/\/www.canaydin.av.tr\/wp-content\/uploads\/2022\/01\/A24BYqB9PZ-1.jpg 700w, https:\/\/www.canaydin.av.tr\/wp-content\/uploads\/2022\/01\/A24BYqB9PZ-1-640x640.jpg 640w, https:\/\/www.canaydin.av.tr\/wp-content\/uploads\/2022\/01\/A24BYqB9PZ-1-160x160.jpg 160w, https:\/\/www.canaydin.av.tr\/wp-content\/uploads\/2022\/01\/A24BYqB9PZ-1-12x12.jpg 12w, https:\/\/www.canaydin.av.tr\/wp-content\/uploads\/2022\/01\/A24BYqB9PZ-1-320x320.jpg 320w\" sizes=\"(max-width: 700px) 100vw, 700px\" \/><\/span><\/div><\/a><\/div><div class=\"bt_bb_card_content\"><div class=\"bt_bb_card_icon_box\"><div class=\"bt_bb_card_icon\"><span  data-ico-essential=\"&#xe999;\" class=\"bt_bb_icon_holder\"><\/span><\/div><h3 class=\"bt_bb_card_title\"><a href=\"https:\/\/www.canaydin.av.tr\/tr\/st-lucia-citizenship-by-investment\/\"  target=\"_self\">ST. LUCIA VATANDA\u015eLI\u011eI<\/a><\/h3><\/div><\/div><\/div><div class=\"bt_bb_separator bt_bb_top_spacing_medium bt_bb_bottom_spacing_small bt_bb_border_style_none\"><\/div><\/div><\/div><\/div><\/div><\/div><\/div><\/div><\/div><\/section><section id=\"bt_bb_section69eee50601e23\"  class=\"bt_bb_section bt_bb_layout_boxed_800 bt_bb_vertical_align_top\" ><div class=\"bt_bb_port\"><div class=\"bt_bb_cell\"><div class=\"bt_bb_cell_inner\"><div class=\"bt_bb_row_wrapper\"><div  class=\"bt_bb_row\" ><div  class=\"bt_bb_column col-xl-6 col-xs-12 col-sm-6 col-md-6 col-lg-6 bt_bb_align_left bt_bb_padding_normal\"  data-width=\"6\" data-bt-override-class=\"{}\"><div class=\"bt_bb_column_content bt_bb_vertical_align_top bt_bb_color_scheme_\"><div class=\"bt_bb_column_content_inner\"><div class=\"bt_bb_card bt_bb_title_position_top bt_bb_title_color_scheme_7\" style=\"; --card-title-primary-color:#1a243f; --card-title-secondary-color:#191919;\"><div class=\"bt_bb_card_image\"><a href=\"https:\/\/www.canaydin.av.tr\/tr\/malta-citizenship-by-invesment\/\"  target=\"_self\"><div class=\"bt_bb_image\" data-bt-override-class=\"{}\"><span><img width=\"700\" height=\"700\" src=\"https:\/\/www.canaydin.av.tr\/wp-content\/uploads\/2022\/02\/malta-flag-std.jpg\" class=\"attachment- size-\" alt=\"MALTA CITIZENSHIP\" decoding=\"async\" loading=\"lazy\" data-full_image_src=\"https:\/\/www.canaydin.av.tr\/wp-content\/uploads\/2022\/02\/malta-flag-std.jpg\" title=\"MALTA VATANDA\u015eLI\u011eI\" srcset=\"https:\/\/www.canaydin.av.tr\/wp-content\/uploads\/2022\/02\/malta-flag-std.jpg 700w, https:\/\/www.canaydin.av.tr\/wp-content\/uploads\/2022\/02\/malta-flag-std-640x640.jpg 640w, https:\/\/www.canaydin.av.tr\/wp-content\/uploads\/2022\/02\/malta-flag-std-160x160.jpg 160w, https:\/\/www.canaydin.av.tr\/wp-content\/uploads\/2022\/02\/malta-flag-std-12x12.jpg 12w, https:\/\/www.canaydin.av.tr\/wp-content\/uploads\/2022\/02\/malta-flag-std-320x320.jpg 320w\" sizes=\"(max-width: 700px) 100vw, 700px\" \/><\/span><\/div><\/a><\/div><div class=\"bt_bb_card_content\"><div class=\"bt_bb_card_icon_box\"><div class=\"bt_bb_card_icon\"><span  data-ico-essential=\"&#xe999;\" class=\"bt_bb_icon_holder\"><\/span><\/div><h3 class=\"bt_bb_card_title\"><a href=\"https:\/\/www.canaydin.av.tr\/tr\/malta-citizenship-by-invesment\/\"  target=\"_self\">MALTA VATANDA\u015eLI\u011eI<\/a><\/h3><\/div><\/div><\/div><div class=\"bt_bb_separator bt_bb_top_spacing_medium bt_bb_border_style_none\"><\/div><\/div><\/div><\/div><div  class=\"bt_bb_column col-xl-6 col-xs-12 col-sm-6 col-md-6 col-lg-6 bt_bb_align_left bt_bb_padding_normal\"  data-width=\"6\" data-bt-override-class=\"{}\"><div class=\"bt_bb_column_content bt_bb_vertical_align_top bt_bb_color_scheme_\"><div class=\"bt_bb_column_content_inner\"><div class=\"bt_bb_card bt_bb_title_position_top bt_bb_title_color_scheme_7\" style=\"; --card-title-primary-color:#1a243f; --card-title-secondary-color:#191919;\"><div class=\"bt_bb_card_image\"><a href=\"https:\/\/www.canaydin.av.tr\/tr\/malta-global-residency-program\/\"  target=\"_self\"><div class=\"bt_bb_image\" data-bt-override-class=\"{}\"><span><img width=\"700\" height=\"700\" src=\"https:\/\/www.canaydin.av.tr\/wp-content\/uploads\/2022\/02\/malta-flag-std.jpg\" class=\"attachment- size-\" alt=\"RESIDENCY IN MALTA\" decoding=\"async\" loading=\"lazy\" data-full_image_src=\"https:\/\/www.canaydin.av.tr\/wp-content\/uploads\/2022\/02\/malta-flag-std.jpg\" title=\"MALTA&#039;DA \u0130KAMET\" srcset=\"https:\/\/www.canaydin.av.tr\/wp-content\/uploads\/2022\/02\/malta-flag-std.jpg 700w, https:\/\/www.canaydin.av.tr\/wp-content\/uploads\/2022\/02\/malta-flag-std-640x640.jpg 640w, https:\/\/www.canaydin.av.tr\/wp-content\/uploads\/2022\/02\/malta-flag-std-160x160.jpg 160w, https:\/\/www.canaydin.av.tr\/wp-content\/uploads\/2022\/02\/malta-flag-std-12x12.jpg 12w, https:\/\/www.canaydin.av.tr\/wp-content\/uploads\/2022\/02\/malta-flag-std-320x320.jpg 320w\" sizes=\"(max-width: 700px) 100vw, 700px\" \/><\/span><\/div><\/a><\/div><div class=\"bt_bb_card_content\"><div class=\"bt_bb_card_icon_box\"><div class=\"bt_bb_card_icon\"><span  data-ico-essential=\"&#xe98d;\" class=\"bt_bb_icon_holder\"><\/span><\/div><h3 class=\"bt_bb_card_title\"><a href=\"https:\/\/www.canaydin.av.tr\/tr\/malta-global-residency-program\/\"  target=\"_self\">MALTA'DA \u0130KAMET<\/a><\/h3><\/div><\/div><\/div><div class=\"bt_bb_separator bt_bb_top_spacing_medium bt_bb_border_style_none\"><\/div><\/div><\/div><\/div><\/div><\/div><\/div><\/div><\/div><\/section><\/div>","protected":false},"excerpt":{"rendered":"","protected":false},"author":4,"featured_media":0,"parent":0,"menu_order":0,"comment_status":"closed","ping_status":"closed","template":"","meta":[],"yoast_head":"<!-- This site is optimized with the Yoast SEO plugin v16.8 - https:\/\/yoast.com\/wordpress\/plugins\/seo\/ -->\n<title>GLOBAL CITIZENSHIP - CANAYDIN Law Firm<\/title>\n<meta name=\"robots\" content=\"index, follow, max-snippet:-1, max-image-preview:large, max-video-preview:-1\" \/>\n<link rel=\"canonical\" href=\"https:\/\/www.canaydin.av.tr\/tr\/global-citizenship\/\" \/>\n<meta property=\"og:locale\" content=\"tr_TR\" \/>\n<meta property=\"og:type\" content=\"article\" \/>\n<meta property=\"og:title\" content=\"GLOBAL CITIZENSHIP - CANAYDIN Law Firm\" \/>\n<meta property=\"og:url\" content=\"https:\/\/www.canaydin.av.tr\/tr\/global-citizenship\/\" \/>\n<meta property=\"og:site_name\" content=\"CANAYDIN Law Firm\" \/>\n<meta property=\"article:publisher\" content=\"https:\/\/www.facebook.com\/Canayd%c4%b1n-Law-Firm-108564714824327\" \/>\n<meta property=\"article:modified_time\" content=\"2023-06-15T07:24:24+00:00\" \/>\n<meta property=\"og:image\" content=\"https:\/\/www.canaydin.av.tr\/wp-content\/uploads\/2021\/07\/Logo-Canaydin.png\" \/>\n\t<meta property=\"og:image:width\" content=\"3733\" \/>\n\t<meta property=\"og:image:height\" content=\"1029\" \/>\n<meta name=\"twitter:card\" content=\"summary_large_image\" \/>\n<meta name=\"twitter:label1\" content=\"Tahmini okuma s\u00fcresi\" \/>\n\t<meta name=\"twitter:data1\" content=\"4 dakika\" \/>\n<script type=\"application\/ld+json\" class=\"yoast-schema-graph\">{\"@context\":\"https:\/\/schema.org\",\"@graph\":[{\"@type\":\"Organization\",\"@id\":\"https:\/\/www.canaydin.av.tr\/#organization\",\"name\":\"Canaydin Law Firm\",\"url\":\"https:\/\/www.canaydin.av.tr\/\",\"sameAs\":[\"https:\/\/www.facebook.com\/Canayd\\u0131n-Law-Firm-108564714824327\",\"https:\/\/instagram.com\/canaydinlawfirm\",\"https:\/\/www.linkedin.com\/company\/canaydin-law-firm\/\",\"https:\/\/www.youtube.com\/channel\/UCAioITA_h23oo3pWmEAgMfQ\"],\"logo\":{\"@type\":\"ImageObject\",\"@id\":\"https:\/\/www.canaydin.av.tr\/#logo\",\"inLanguage\":\"tr\",\"url\":\"https:\/\/www.canaydin.av.tr\/wp-content\/uploads\/2021\/07\/Logo-Canaydin.png\",\"contentUrl\":\"https:\/\/www.canaydin.av.tr\/wp-content\/uploads\/2021\/07\/Logo-Canaydin.png\",\"width\":3733,\"height\":1029,\"caption\":\"Canaydin Law Firm\"},\"image\":{\"@id\":\"https:\/\/www.canaydin.av.tr\/#logo\"}},{\"@type\":\"WebSite\",\"@id\":\"https:\/\/www.canaydin.av.tr\/#website\",\"url\":\"https:\/\/www.canaydin.av.tr\/\",\"name\":\"CANAYDIN Law Firm\",\"description\":\"\",\"publisher\":{\"@id\":\"https:\/\/www.canaydin.av.tr\/#organization\"},\"potentialAction\":[{\"@type\":\"SearchAction\",\"target\":{\"@type\":\"EntryPoint\",\"urlTemplate\":\"https:\/\/www.canaydin.av.tr\/?s={search_term_string}\"},\"query-input\":\"required name=search_term_string\"}],\"inLanguage\":\"tr\"},{\"@type\":\"WebPage\",\"@id\":\"https:\/\/www.canaydin.av.tr\/global-citizenship\/#webpage\",\"url\":\"https:\/\/www.canaydin.av.tr\/global-citizenship\/\",\"name\":\"GLOBAL CITIZENSHIP - CANAYDIN Law Firm\",\"isPartOf\":{\"@id\":\"https:\/\/www.canaydin.av.tr\/#website\"},\"datePublished\":\"2022-02-03T09:40:54+00:00\",\"dateModified\":\"2023-06-15T07:24:24+00:00\",\"breadcrumb\":{\"@id\":\"https:\/\/www.canaydin.av.tr\/global-citizenship\/#breadcrumb\"},\"inLanguage\":\"tr\",\"potentialAction\":[{\"@type\":\"ReadAction\",\"target\":[\"https:\/\/www.canaydin.av.tr\/global-citizenship\/\"]}]},{\"@type\":\"BreadcrumbList\",\"@id\":\"https:\/\/www.canaydin.av.tr\/global-citizenship\/#breadcrumb\",\"itemListElement\":[{\"@type\":\"ListItem\",\"position\":1,\"name\":\"Anasayfa\",\"item\":\"https:\/\/www.canaydin.av.tr\/\"},{\"@type\":\"ListItem\",\"position\":2,\"name\":\"GLOBAL CITIZENSHIP\"}]}]}<\/script>\n<!-- \/ Yoast SEO plugin. -->","yoast_head_json":{"title":"GLOBAL CITIZENSHIP - CANAYDIN Law Firm","robots":{"index":"index","follow":"follow","max-snippet":"max-snippet:-1","max-image-preview":"max-image-preview:large","max-video-preview":"max-video-preview:-1"},"canonical":"https:\/\/www.canaydin.av.tr\/tr\/global-citizenship\/","og_locale":"tr_TR","og_type":"article","og_title":"GLOBAL CITIZENSHIP - CANAYDIN Law Firm","og_url":"https:\/\/www.canaydin.av.tr\/tr\/global-citizenship\/","og_site_name":"CANAYDIN Law Firm","article_publisher":"https:\/\/www.facebook.com\/Canayd%c4%b1n-Law-Firm-108564714824327","article_modified_time":"2023-06-15T07:24:24+00:00","og_image":[{"width":3733,"height":1029,"url":"https:\/\/www.canaydin.av.tr\/wp-content\/uploads\/2021\/07\/Logo-Canaydin.png","path":"\/home\/u616560269\/domains\/canaydin.av.tr\/public_html\/wp-content\/uploads\/2021\/07\/Logo-Canaydin.png","size":"full","id":3987,"alt":"","pixels":3841257,"type":"image\/png"}],"twitter_card":"summary_large_image","twitter_misc":{"Tahmini okuma s\u00fcresi":"4 dakika"},"schema":{"@context":"https:\/\/schema.org","@graph":[{"@type":"Organization","@id":"https:\/\/www.canaydin.av.tr\/#organization","name":"Canaydin Law Firm","url":"https:\/\/www.canaydin.av.tr\/","sameAs":["https:\/\/www.facebook.com\/Canayd\u0131n-Law-Firm-108564714824327","https:\/\/instagram.com\/canaydinlawfirm","https:\/\/www.linkedin.com\/company\/canaydin-law-firm\/","https:\/\/www.youtube.com\/channel\/UCAioITA_h23oo3pWmEAgMfQ"],"logo":{"@type":"ImageObject","@id":"https:\/\/www.canaydin.av.tr\/#logo","inLanguage":"tr","url":"https:\/\/www.canaydin.av.tr\/wp-content\/uploads\/2021\/07\/Logo-Canaydin.png","contentUrl":"https:\/\/www.canaydin.av.tr\/wp-content\/uploads\/2021\/07\/Logo-Canaydin.png","width":3733,"height":1029,"caption":"Canaydin Law Firm"},"image":{"@id":"https:\/\/www.canaydin.av.tr\/#logo"}},{"@type":"WebSite","@id":"https:\/\/www.canaydin.av.tr\/#website","url":"https:\/\/www.canaydin.av.tr\/","name":"CANAYDIN Law Firm","description":"","publisher":{"@id":"https:\/\/www.canaydin.av.tr\/#organization"},"potentialAction":[{"@type":"SearchAction","target":{"@type":"EntryPoint","urlTemplate":"https:\/\/www.canaydin.av.tr\/?s={search_term_string}"},"query-input":"required name=search_term_string"}],"inLanguage":"tr"},{"@type":"WebPage","@id":"https:\/\/www.canaydin.av.tr\/global-citizenship\/#webpage","url":"https:\/\/www.canaydin.av.tr\/global-citizenship\/","name":"GLOBAL CITIZENSHIP - CANAYDIN Law Firm","isPartOf":{"@id":"https:\/\/www.canaydin.av.tr\/#website"},"datePublished":"2022-02-03T09:40:54+00:00","dateModified":"2023-06-15T07:24:24+00:00","breadcrumb":{"@id":"https:\/\/www.canaydin.av.tr\/global-citizenship\/#breadcrumb"},"inLanguage":"tr","potentialAction":[{"@type":"ReadAction","target":["https:\/\/www.canaydin.av.tr\/global-citizenship\/"]}]},{"@type":"BreadcrumbList","@id":"https:\/\/www.canaydin.av.tr\/global-citizenship\/#breadcrumb","itemListElement":[{"@type":"ListItem","position":1,"name":"Anasayfa","item":"https:\/\/www.canaydin.av.tr\/"},{"@type":"ListItem","position":2,"name":"GLOBAL CITIZENSHIP"}]}]}},"_links":{"self":[{"href":"https:\/\/www.canaydin.av.tr\/tr\/wp-json\/wp\/v2\/pages\/4465"}],"collection":[{"href":"https:\/\/www.canaydin.av.tr\/tr\/wp-json\/wp\/v2\/pages"}],"about":[{"href":"https:\/\/www.canaydin.av.tr\/tr\/wp-json\/wp\/v2\/types\/page"}],"author":[{"embeddable":true,"href":"https:\/\/www.canaydin.av.tr\/tr\/wp-json\/wp\/v2\/users\/4"}],"replies":[{"embeddable":true,"href":"https:\/\/www.canaydin.av.tr\/tr\/wp-json\/wp\/v2\/comments?post=4465"}],"version-history":[{"count":27,"href":"https:\/\/www.canaydin.av.tr\/tr\/wp-json\/wp\/v2\/pages\/4465\/revisions"}],"predecessor-version":[{"id":4588,"href":"https:\/\/www.canaydin.av.tr\/tr\/wp-json\/wp\/v2\/pages\/4465\/revisions\/4588"}],"wp:attachment":[{"href":"https:\/\/www.canaydin.av.tr\/tr\/wp-json\/wp\/v2\/media?parent=4465"}],"curies":[{"name":"wp","href":"https:\/\/api.w.org\/{rel}","templated":true}]}}